{"id":6,"date":"2011-01-20T00:47:53","date_gmt":"2011-01-20T00:47:53","guid":{"rendered":"http:\/\/blogdelarectora.uo.edu.cu\/"},"modified":"2019-11-18T21:44:40","modified_gmt":"2019-11-18T20:44:40","slug":"rectores","status":"publish","type":"page","link":"https:\/\/blogdelarectora.uo.edu.cu\/?page_id=6","title":{"rendered":"Nuestros Rectores"},"content":{"rendered":"<p style=\"text-align: justify;\">Desde su surgimiento en 1947, la Universidad de Oriente ha sido dirigida por diversos profesores, cient\u00edficos, investigadores. Cada uno de ellos ha aportado a la vida, la cultura y al desarrollo de nuestro centro de estudios.\u00a0 Los m\u00e1s recientes contin\u00faan con nosotros, en la investigaci\u00f3n y la docencia, de otros solo nos queda el recuerdo. Aqu\u00ed est\u00e1n todos. Para preservar nuestra memoria hist\u00f3rica, debemos recordarlos.<\/p>\n\t\t\t<!-- Cool Timeline Free V3.3.0 -->\n\t\t\t<div class=\"ctl-wrapper\" role=\"region\" aria-label=\"Timeline\">\n\t\t\t\t<div class=\"ctl-before-content\"><div class=\"timeline-main-title\"><h1>Cool Timeline<\/h1><\/div><\/div>\t\t\t\t<div id=\"cool_timeline_1\" class=\"cool-timeline-wrapper ctl-both-sided ctl-vertical-wrapper\" >\n\t\t\t\t\t<div class=\"ctl-start\"><\/div>\n\t\t\t\t\t<!-- Timeline Container -->\n\t\t\t\t\t<div class=\"ctl-timeline ctl-timeline-container\" data-animation=\"fadeInUp\">\n\t\t\t\t\t\t<!-- Center Line -->\n\t\t\t\t\t\t<div class=\"ctl-inner-line\" role=\"presentation\"><\/div>\n\t\t\t\t\t\t\t\t\t\t\t\t<!-- Story Year Section --><div data-cls=\"sc-nv-light vertical\" class=\"timeline-year scrollable-section ctl-year ctl-year-container light-year\" data-section-title=\"1947\" id=\"year-1947\"><div class=\"ctl-year-label ctl-year-text\"><span>1947<\/span><\/div><\/div><!-- Timeline Content --><div  id=\"ctl-story-898\" class=\"ctl-story ctl-story-dot-icon odd ctl-story-right\" data-aos=\"fadeInUp\"   data-story-index=\"1\" role=\"article\"><!-- Story Date --><div class=\"ctl-labels\"><div class=\"ctl-label-big story-date\">1947<\/div><\/div><!-- Story IconDot --><div class=\"ctl-icondot\"><\/div> <!-- Story Arrow --><div class=\"ctl-arrow\"><\/div><!-- Story Content --><div class=\"ctl-content\"><!-- Story Title --><div class=\"ctl-title story-898\" aria-label=\"2\"><a target=\"_self\" title=\"Felipe Salcines Morlote\" href=\"https:\/\/blogdelarectora.uo.edu.cu\/?cool_timeline=felipe-salcines-morlote\" class=\"story-link\">Felipe Salcines Morlote<\/a><\/div><!-- Story Description --><div class=\"ctl-description\"><p><strong><em>(1947-1959) Dr. Felipe Salcines Morlote. Fundador y Primer rector de la Universidad de Oriente.<\/em><\/strong><\/p>\n<p><img loading=\"lazy\" class=\"\" src=\"https:\/\/www.uo.edu.cu\/sites\/default\/files\/pictures\/01%20-%20Felipe%20Salcines%20Morlote.jpg\" alt=\"\" width=\"380\" height=\"459\" \/><\/p>\n<\/div><\/div><\/div><!-- Story Year Section --><div data-cls=\"sc-nv-light vertical\" class=\"timeline-year scrollable-section ctl-year ctl-year-container light-year\" data-section-title=\"1959\" id=\"year-1959\"><div class=\"ctl-year-label ctl-year-text\"><span>1959<\/span><\/div><\/div><!-- Timeline Content --><div  id=\"ctl-story-899\" class=\"ctl-story ctl-story-dot-icon even ctl-story-left\" data-aos=\"fadeInUp\"   data-story-index=\"2\" role=\"article\"><!-- Story Date --><div class=\"ctl-labels\"><div class=\"ctl-label-big story-date\">1959<\/div><\/div><!-- Story IconDot --><div class=\"ctl-icondot\"><\/div> <!-- Story Arrow --><div class=\"ctl-arrow\"><\/div><!-- Story Content --><div class=\"ctl-content\"><!-- Story Title --><div class=\"ctl-title story-899\" aria-label=\"2\"><a target=\"_self\" title=\"Alberto Duboy Guernica\" href=\"https:\/\/blogdelarectora.uo.edu.cu\/?cool_timeline=alberto-duboy-guernica\" class=\"story-link\">Alberto Duboy Guernica<\/a><\/div><!-- Story Description --><div class=\"ctl-description\"><p><strong><em>(1959-1960) Dr. Alberto Duboy Guernica. En la imagen: Hace uso de la palabra en un acto en la Biblioteca central.\u00a0 <\/em><\/strong><\/p>\n<p><img src=\"https:\/\/www.uo.edu.cu\/sites\/default\/files\/u85\/alberoduboyguernica.jpg\" alt=\"\" \/><\/p>\n<\/div><\/div><\/div><!-- Story Year Section --><div data-cls=\"sc-nv-light vertical\" class=\"timeline-year scrollable-section ctl-year ctl-year-container light-year\" data-section-title=\"1960\" id=\"year-1960\"><div class=\"ctl-year-label ctl-year-text\"><span>1960<\/span><\/div><\/div><!-- Timeline Content --><div  id=\"ctl-story-900\" class=\"ctl-story ctl-story-dot-icon odd ctl-story-right\" data-aos=\"fadeInUp\"   data-story-index=\"3\" role=\"article\"><!-- Story Date --><div class=\"ctl-labels\"><div class=\"ctl-label-big story-date\">1960<\/div><\/div><!-- Story IconDot --><div class=\"ctl-icondot\"><\/div> <!-- Story Arrow --><div class=\"ctl-arrow\"><\/div><!-- Story Content --><div class=\"ctl-content\"><!-- Story Title --><div class=\"ctl-title story-900\" aria-label=\"2\"><a target=\"_self\" title=\"Justo Nicola Romero\" href=\"https:\/\/blogdelarectora.uo.edu.cu\/?cool_timeline=justo-nicola-romero\" class=\"story-link\">Justo Nicola Romero<\/a><\/div><!-- Story Description --><div class=\"ctl-description\"><p><strong><em>(1960) Dr. Justo Nicola Romero. En la imagen: Haciendo uso de la palabra en su toma de posesi\u00f3n como rector de la Universidad de Oriente, el 24 de febrero de 1960.<\/em><\/strong><\/p>\n<p><img loading=\"lazy\" class=\"\" src=\"https:\/\/www.uo.edu.cu\/sites\/default\/files\/pictures\/02%20-%20Justo%20Nicola%20Romero.jpg\" alt=\"\" width=\"465\" height=\"721\" \/><\/p>\n<\/div><\/div><\/div><!-- Timeline Content --><div  id=\"ctl-story-905\" class=\"ctl-story ctl-story-dot-icon even ctl-story-left\" data-aos=\"fadeInUp\"   data-story-index=\"4\" role=\"article\"><!-- Story Date --><div class=\"ctl-labels\"><div class=\"ctl-label-big story-date\">1960<\/div><\/div><!-- Story IconDot --><div class=\"ctl-icondot\"><\/div> <!-- Story Arrow --><div class=\"ctl-arrow\"><\/div><!-- Story Content --><div class=\"ctl-content\"><!-- Story Title --><div class=\"ctl-title story-905\" aria-label=\"2\"><a target=\"_self\" title=\"Dr. Manuel Aguilera Barciela\" href=\"https:\/\/blogdelarectora.uo.edu.cu\/?cool_timeline=dr-manuel-aguilera-barciela\" class=\"story-link\">Dr. Manuel Aguilera Barciela<\/a><\/div><!-- Story Description --><div class=\"ctl-description\"><p class=\"rtejustify\"><strong><em>(1960-1962)\u00a0Dr. Manuel Aguilera Barciela. En la imagen: Haciendo uso de la palabra durante el acto de apertura del curso acad\u00e9mico de la Universidad de Oriente, el 2 de febrero de 1962.<\/em><\/strong><\/p>\n<p class=\"rtejustify\"><img loading=\"lazy\" class=\"\" src=\"https:\/\/www.uo.edu.cu\/sites\/default\/files\/pictures\/03%20-%20Manuel%20Aguilera%20Barciela.jpg\" alt=\"\" width=\"440\" height=\"793\" \/><\/p>\n<\/div><\/div><\/div><!-- Story Year Section --><div data-cls=\"sc-nv-light vertical\" class=\"timeline-year scrollable-section ctl-year ctl-year-container light-year\" data-section-title=\"1962\" id=\"year-1962\"><div class=\"ctl-year-label ctl-year-text\"><span>1962<\/span><\/div><\/div><!-- Timeline Content --><div  id=\"ctl-story-906\" class=\"ctl-story ctl-story-dot-icon odd ctl-story-right\" data-aos=\"fadeInUp\"   data-story-index=\"5\" role=\"article\"><!-- Story Date --><div class=\"ctl-labels\"><div class=\"ctl-label-big story-date\">1962<\/div><\/div><!-- Story IconDot --><div class=\"ctl-icondot\"><\/div> <!-- Story Arrow --><div class=\"ctl-arrow\"><\/div><!-- Story Content --><div class=\"ctl-content\"><!-- Story Title --><div class=\"ctl-title story-906\" aria-label=\"2\"><a target=\"_self\" title=\"Dr. Jos\u00e9 Antonio Portuondo Baldor\" href=\"https:\/\/blogdelarectora.uo.edu.cu\/?cool_timeline=dr-jose-antonio-portuondo-baldor\" class=\"story-link\">Dr. Jos\u00e9 Antonio Portuondo Baldor<\/a><\/div><!-- Story Description --><div class=\"ctl-description\"><p><strong><em>(1962-1965) Dr. Jos\u00e9 Antonio Portuondo Baldor. En la imagen: Hace uso de la palabra en el acto de apertura del curso acad\u00e9mico 1964 y graduaci\u00f3n de 180 nuevos profesionales, el 24 de febrero de 1964.<\/em><\/strong><\/p>\n<p class=\"rtejustify\"><img loading=\"lazy\" class=\"\" src=\"https:\/\/www.uo.edu.cu\/sites\/default\/files\/pictures\/04%20-%20Jos%C3%A9%20Antonio%20Portuondo.jpg\" alt=\"\" width=\"442\" height=\"848\" \/><\/p>\n<\/div><\/div><\/div><!-- Story Year Section --><div data-cls=\"sc-nv-light vertical\" class=\"timeline-year scrollable-section ctl-year ctl-year-container light-year\" data-section-title=\"1965\" id=\"year-1965\"><div class=\"ctl-year-label ctl-year-text\"><span>1965<\/span><\/div><\/div><!-- Timeline Content --><div  id=\"ctl-story-907\" class=\"ctl-story ctl-story-dot-icon even ctl-story-left\" data-aos=\"fadeInUp\"   data-story-index=\"6\" role=\"article\"><!-- Story Date --><div class=\"ctl-labels\"><div class=\"ctl-label-big story-date\">1965<\/div><\/div><!-- Story IconDot --><div class=\"ctl-icondot\"><\/div> <!-- Story Arrow --><div class=\"ctl-arrow\"><\/div><!-- Story Content --><div class=\"ctl-content\"><!-- Story Title --><div class=\"ctl-title story-907\" aria-label=\"2\"><a target=\"_self\" title=\"Dr. Eduardo Muzio Guti\u00e9rrez\" href=\"https:\/\/blogdelarectora.uo.edu.cu\/?cool_timeline=dr-eduardo-muzio-gutierrez\" class=\"story-link\">Dr. Eduardo Muzio Guti\u00e9rrez<\/a><\/div><!-- Story Description --><div class=\"ctl-description\"><p><strong><em>(1965-1967) Dr. Eduardo Muzio Guti\u00e9rrez. En la imagen: El Dr. Muzio Guti\u00e9rrez en su despacho, a\u00f1o 1966.<\/em><\/strong><\/p>\n<p><img loading=\"lazy\" class=\"\" src=\"https:\/\/www.uo.edu.cu\/sites\/default\/files\/pictures\/05%20-%20Eduardo%20Muzio%20Guti%C3%A9rrez.jpg\" alt=\"\" width=\"623\" height=\"421\" \/><\/p>\n<\/div><\/div><\/div><!-- Story Year Section --><div data-cls=\"sc-nv-light vertical\" class=\"timeline-year scrollable-section ctl-year ctl-year-container light-year\" data-section-title=\"1967\" id=\"year-1967\"><div class=\"ctl-year-label ctl-year-text\"><span>1967<\/span><\/div><\/div><!-- Timeline Content --><div  id=\"ctl-story-908\" class=\"ctl-story ctl-story-dot-icon odd ctl-story-right\" data-aos=\"fadeInUp\"   data-story-index=\"7\" role=\"article\"><!-- Story Date --><div class=\"ctl-labels\"><div class=\"ctl-label-big story-date\">1967<\/div><\/div><!-- Story IconDot --><div class=\"ctl-icondot\"><\/div> <!-- Story Arrow --><div class=\"ctl-arrow\"><\/div><!-- Story Content --><div class=\"ctl-content\"><!-- Story Title --><div class=\"ctl-title story-908\" aria-label=\"2\"><a target=\"_self\" title=\"Dr. Benito P\u00e9rez Maza\" href=\"https:\/\/blogdelarectora.uo.edu.cu\/?cool_timeline=dr-benito-perez-maza\" class=\"story-link\">Dr. Benito P\u00e9rez Maza<\/a><\/div><!-- Story Description --><div class=\"ctl-description\"><p><em><strong>(1967-1968) Dr. Benito P\u00e9rez Maza. En la imagen: Ubicado en el extremo derecho de la mesa hace uso de la palabra durante una exposici\u00f3n t\u00e9cnica, el 13 de agosto de 1965.<\/strong><\/em><\/p>\n<p><img loading=\"lazy\" class=\"\" src=\"https:\/\/www.uo.edu.cu\/sites\/default\/files\/pictures\/06%20-%20Benito%20P%C3%A9rez%20Maza.jpg\" alt=\"\" width=\"592\" height=\"378\" \/><\/p>\n<\/div><\/div><\/div><!-- Story Year Section --><div data-cls=\"sc-nv-light vertical\" class=\"timeline-year scrollable-section ctl-year ctl-year-container light-year\" data-section-title=\"1968\" id=\"year-1968\"><div class=\"ctl-year-label ctl-year-text\"><span>1968<\/span><\/div><\/div><!-- Timeline Content --><div  id=\"ctl-story-909\" class=\"ctl-story ctl-story-dot-icon even ctl-story-left\" data-aos=\"fadeInUp\"   data-story-index=\"8\" role=\"article\"><!-- Story Date --><div class=\"ctl-labels\"><div class=\"ctl-label-big story-date\">1968<\/div><\/div><!-- Story IconDot --><div class=\"ctl-icondot\"><\/div> <!-- Story Arrow --><div class=\"ctl-arrow\"><\/div><!-- Story Content --><div class=\"ctl-content\"><!-- Story Title --><div class=\"ctl-title story-909\" aria-label=\"2\"><a target=\"_self\" title=\"Lic. Germ\u00e1n Blanco Pujol\" href=\"https:\/\/blogdelarectora.uo.edu.cu\/?cool_timeline=lic-german-blanco-pujol\" class=\"story-link\">Lic. Germ\u00e1n Blanco Pujol<\/a><\/div><!-- Story Description --><div class=\"ctl-description\"><p><strong><em>(1968-1970) Lic. Germ\u00e1n Blanco Pujol. En la imagen: Haciendo uso de la palabra en el <\/em>II Simposio contra el genocidio yanqui en Viet-Nam<em>, organizado por el Comit\u00e9 Provincial de Solidaridad. Las comisiones de trabajo de Historia y Econom\u00eda sesionaron en la Universidad de Oriente.<\/em><\/strong><\/p>\n<p><img loading=\"lazy\" class=\"\" src=\"https:\/\/www.uo.edu.cu\/sites\/default\/files\/pictures\/07%20-%20Germ%C3%A1n%20Blanco%20Pujol.jpg\" alt=\"\" width=\"652\" height=\"465\" \/><\/p>\n<\/div><\/div><\/div><!-- Story Year Section --><div data-cls=\"sc-nv-light vertical\" class=\"timeline-year scrollable-section ctl-year ctl-year-container light-year\" data-section-title=\"1970\" id=\"year-1970\"><div class=\"ctl-year-label ctl-year-text\"><span>1970<\/span><\/div><\/div><!-- Timeline Content --><div  id=\"ctl-story-910\" class=\"ctl-story ctl-story-dot-icon odd ctl-story-right\" data-aos=\"fadeInUp\"   data-story-index=\"9\" role=\"article\"><!-- Story Date --><div class=\"ctl-labels\"><div class=\"ctl-label-big story-date\">1970<\/div><\/div><!-- Story IconDot --><div class=\"ctl-icondot\"><\/div> <!-- Story Arrow --><div class=\"ctl-arrow\"><\/div><!-- Story Content --><div class=\"ctl-content\"><!-- Story Title --><div class=\"ctl-title story-910\" aria-label=\"2\"><a target=\"_self\" title=\"Dr. Carlos Amat For\u00e9s\" href=\"https:\/\/blogdelarectora.uo.edu.cu\/?cool_timeline=dr-carlos-amat-fores\" class=\"story-link\">Dr. Carlos Amat For\u00e9s<\/a><\/div><!-- Story Description --><div class=\"ctl-description\"><p><strong><em>(1970-1971) Dr. Carlos Amat For\u00e9s. En la imagen: Sentado al centro durante el homenaje organizado en la Universidad de Oriente a la Prima Ballerina Assoluta Alicia Alonso (sentada a la derecha), el 17 de marzo de 1971.<\/em><\/strong><\/p>\n<p><img loading=\"lazy\" class=\"\" src=\"https:\/\/www.uo.edu.cu\/sites\/default\/files\/pictures\/08%20-%20Carlos%20Amat%20For%C3%A9s.jpg\" alt=\"\" width=\"637\" height=\"437\" \/><\/p>\n<\/div><\/div><\/div><!-- Story Year Section --><div data-cls=\"sc-nv-light vertical\" class=\"timeline-year scrollable-section ctl-year ctl-year-container light-year\" data-section-title=\"1971\" id=\"year-1971\"><div class=\"ctl-year-label ctl-year-text\"><span>1971<\/span><\/div><\/div><!-- Timeline Content --><div  id=\"ctl-story-911\" class=\"ctl-story ctl-story-dot-icon even ctl-story-left\" data-aos=\"fadeInUp\"   data-story-index=\"10\" role=\"article\"><!-- Story Date --><div class=\"ctl-labels\"><div class=\"ctl-label-big story-date\">1971<\/div><\/div><!-- Story IconDot --><div class=\"ctl-icondot\"><\/div> <!-- Story Arrow --><div class=\"ctl-arrow\"><\/div><!-- Story Content --><div class=\"ctl-content\"><!-- Story Title --><div class=\"ctl-title story-911\" aria-label=\"2\"><a target=\"_self\" title=\"Arq. Rafael Almeida Alemani\" href=\"https:\/\/blogdelarectora.uo.edu.cu\/?cool_timeline=arq-rafael-almeida-alemani\" class=\"story-link\">Arq. Rafael Almeida Alemani<\/a><\/div><!-- Story Description --><div class=\"ctl-description\"><p><strong><em>(1971-1974) Arq. Rafael Almeida Alemani. En la imagen: A la izquierda de la foto participando de un brindis con motivo de la inauguraci\u00f3n del nuevo edificio de la Facultad de Tecnolog\u00eda, el 24 de febrero de 1975.<\/em><\/strong><\/p>\n<p><img loading=\"lazy\" class=\"\" src=\"https:\/\/www.uo.edu.cu\/sites\/default\/files\/pictures\/09%20-%20Rafael%20Almedia%20Alemani.jpg\" alt=\"\" width=\"663\" height=\"481\" \/><\/p>\n<\/div><\/div><\/div><!-- Story Year Section --><div data-cls=\"sc-nv-light vertical\" class=\"timeline-year scrollable-section ctl-year ctl-year-container light-year\" data-section-title=\"1974\" id=\"year-1974\"><div class=\"ctl-year-label ctl-year-text\"><span>1974<\/span><\/div><\/div><!-- Timeline Content --><div  id=\"ctl-story-913\" class=\"ctl-story ctl-story-dot-icon odd ctl-story-right\" data-aos=\"fadeInUp\"   data-story-index=\"11\" role=\"article\"><!-- Story Date --><div class=\"ctl-labels\"><div class=\"ctl-label-big story-date\">1974<\/div><\/div><!-- Story IconDot --><div class=\"ctl-icondot\"><\/div> <!-- Story Arrow --><div class=\"ctl-arrow\"><\/div><!-- Story Content --><div class=\"ctl-content\"><!-- Story Title --><div class=\"ctl-title story-913\" aria-label=\"2\"><a target=\"_self\" title=\"Dr. Enrique Mara\u00f1\u00f3n Reyes\" href=\"https:\/\/blogdelarectora.uo.edu.cu\/?cool_timeline=dr-enrique-maranon-reyes\" class=\"story-link\">Dr. Enrique Mara\u00f1\u00f3n Reyes<\/a><\/div><!-- Story Description --><div class=\"ctl-description\"><p><em><strong>(1974-1984) Dr. Enrique Mara\u00f1\u00f3n Reyes. En la imagen: Hace uso de la palabra en el acto solemne conmemorativo por el Trig\u00e9simo aniversario de la fundaci\u00f3n de la Universidad de Oriente, en el a\u00f1o 1977.<\/strong><\/em><\/p>\n<p><img loading=\"lazy\" class=\"\" src=\"https:\/\/www.uo.edu.cu\/sites\/default\/files\/pictures\/10%20-%20Enrique%20Mara%C3%B1%C3%B3n%20Reyes.jpg\" alt=\"\" width=\"467\" height=\"853\" \/><\/p>\n<\/div><\/div><\/div><!-- Story Year Section --><div data-cls=\"sc-nv-light vertical\" class=\"timeline-year scrollable-section ctl-year ctl-year-container light-year\" data-section-title=\"1984\" id=\"year-1984\"><div class=\"ctl-year-label ctl-year-text\"><span>1984<\/span><\/div><\/div><!-- Timeline Content --><div  id=\"ctl-story-914\" class=\"ctl-story ctl-story-dot-icon even ctl-story-left\" data-aos=\"fadeInUp\"   data-story-index=\"12\" role=\"article\"><!-- Story Date --><div class=\"ctl-labels\"><div class=\"ctl-label-big story-date\">1984<\/div><\/div><!-- Story IconDot --><div class=\"ctl-icondot\"><\/div> <!-- Story Arrow --><div class=\"ctl-arrow\"><\/div><!-- Story Content --><div class=\"ctl-content\"><!-- Story Title --><div class=\"ctl-title story-914\" aria-label=\"2\"><a target=\"_self\" title=\"Lic. Manuel Blanco Mil\u00e1\" href=\"https:\/\/blogdelarectora.uo.edu.cu\/?cool_timeline=lic-manuel-blanco-mila\" class=\"story-link\">Lic. Manuel Blanco Mil\u00e1<\/a><\/div><!-- Story Description --><div class=\"ctl-description\"><p><em><strong>(1984-1994) Lic. Manuel Blanco Mil\u00e1. En la imagen: Sentado a la mesa en la toma de posesi\u00f3n de la Secci\u00f3n Sindical del Centro de Informaci\u00f3n Cient\u00edfico-T\u00e9cnica, el 6 de junio de 1975. Nota: Esta fotograf\u00eda fue tomada en una fecha en la que Blanco Mil\u00e1 no era Rector a\u00fan.<\/strong><\/em><\/p>\n<p><img loading=\"lazy\" class=\"\" src=\"https:\/\/www.uo.edu.cu\/sites\/default\/files\/pictures\/11%20-%20Manuel%20Blanco%20Mil%C3%A1.jpg\" alt=\"\" width=\"659\" height=\"457\" \/><\/p>\n<\/div><\/div><\/div><!-- Story Year Section --><div data-cls=\"sc-nv-light vertical\" class=\"timeline-year scrollable-section ctl-year ctl-year-container light-year\" data-section-title=\"1994\" id=\"year-1994\"><div class=\"ctl-year-label ctl-year-text\"><span>1994<\/span><\/div><\/div><!-- Timeline Content --><div  id=\"ctl-story-915\" class=\"ctl-story ctl-story-dot-icon odd ctl-story-right\" data-aos=\"fadeInUp\"   data-story-index=\"13\" role=\"article\"><!-- Story Date --><div class=\"ctl-labels\"><div class=\"ctl-label-big story-date\">1994<\/div><\/div><!-- Story IconDot --><div class=\"ctl-icondot\"><\/div> <!-- Story Arrow --><div class=\"ctl-arrow\"><\/div><!-- Story Content --><div class=\"ctl-content\"><!-- Story Title --><div class=\"ctl-title story-915\" aria-label=\"2\"><a target=\"_self\" title=\"Dr. Enrique Mara\u00f1\u00f3n Reyes\" href=\"https:\/\/blogdelarectora.uo.edu.cu\/?cool_timeline=dr-enrique-maranon-reyes-2\" class=\"story-link\">Dr. Enrique Mara\u00f1\u00f3n Reyes<\/a><\/div><!-- Story Description --><div class=\"ctl-description\"><p><em><strong>(1994-1997) Dr. Enrique Mara\u00f1\u00f3n Reyes.\u00a0 <\/strong><\/em><\/p>\n<p><img loading=\"lazy\" class=\"\" src=\"https:\/\/www.uo.edu.cu\/sites\/default\/files\/pictures\/12%20-%20Enrique%20Mara%C3%B1%C3%B3n%20Reyes%20%282%29.jpg\" alt=\"\" width=\"420\" height=\"716\" \/><\/p>\n<\/div><\/div><\/div><!-- Story Year Section --><div data-cls=\"sc-nv-light vertical\" class=\"timeline-year scrollable-section ctl-year ctl-year-container light-year\" data-section-title=\"1997\" id=\"year-1997\"><div class=\"ctl-year-label ctl-year-text\"><span>1997<\/span><\/div><\/div><!-- Timeline Content --><div  id=\"ctl-story-916\" class=\"ctl-story ctl-story-dot-icon even ctl-story-left\" data-aos=\"fadeInUp\"   data-story-index=\"14\" role=\"article\"><!-- Story Date --><div class=\"ctl-labels\"><div class=\"ctl-label-big story-date\">1997<\/div><\/div><!-- Story IconDot --><div class=\"ctl-icondot\"><\/div> <!-- Story Arrow --><div class=\"ctl-arrow\"><\/div><!-- Story Content --><div class=\"ctl-content\"><!-- Story Title --><div class=\"ctl-title story-916\" aria-label=\"2\"><a target=\"_self\" title=\"Dr. Marcos Cortina Vega\" href=\"https:\/\/blogdelarectora.uo.edu.cu\/?cool_timeline=dr-marcos-cortina-vega\" class=\"story-link\">Dr. Marcos Cortina Vega<\/a><\/div><!-- Story Description --><div class=\"ctl-description\"><p><strong><em>(1997-2004) Dr. Marcos Cortina Vega. En la imagen: Durante la visita del director de cine Humberto Sol\u00e1s (derecha) a la Universidad de Oriente, el 21 de marzo del 2001.<\/em><\/strong><\/p>\n<p><img src=\"https:\/\/www.uo.edu.cu\/sites\/default\/files\/pictures\/13%20-%20Marcos%20Cortina%20Vega.jpg\" alt=\"\" \/><\/p>\n<\/div><\/div><\/div><!-- Story Year Section --><div data-cls=\"sc-nv-light vertical\" class=\"timeline-year scrollable-section ctl-year ctl-year-container light-year\" data-section-title=\"2004\" id=\"year-2004\"><div class=\"ctl-year-label ctl-year-text\"><span>2004<\/span><\/div><\/div><!-- Timeline Content --><div  id=\"ctl-story-917\" class=\"ctl-story ctl-story-dot-icon odd ctl-story-right\" data-aos=\"fadeInUp\"   data-story-index=\"15\" role=\"article\"><!-- Story Date --><div class=\"ctl-labels\"><div class=\"ctl-label-big story-date\">2004<\/div><\/div><!-- Story IconDot --><div class=\"ctl-icondot\"><\/div> <!-- Story Arrow --><div class=\"ctl-arrow\"><\/div><!-- Story Content --><div class=\"ctl-content\"><!-- Story Title --><div class=\"ctl-title story-917\" aria-label=\"2\"><a target=\"_self\" title=\"Dra. Zaida Vald\u00e9s Estrada\" href=\"https:\/\/blogdelarectora.uo.edu.cu\/?cool_timeline=dra-zaida-valdes-estrada\" class=\"story-link\">Dra. Zaida Vald\u00e9s Estrada<\/a><\/div><!-- Story Description --><div class=\"ctl-description\"><p><strong><em>(2004-2009) Dra. Zaida Vald\u00e9s Estrada. En la imagen: La rectora da la bienvenida a la Universidad de Oriente al expresidente de Rep\u00fablica Dominicana, Leonel Fern\u00e1ndez, el 5 de marzo del 2009.<\/em><\/strong><\/p>\n<p><img loading=\"lazy\" class=\"\" src=\"https:\/\/www.uo.edu.cu\/sites\/default\/files\/pictures\/rectora%20Zaida%20vald%C3%A9s.JPG\" alt=\"\" width=\"722\" height=\"480\" \/><\/p>\n<\/div><\/div><\/div><!-- Story Year Section --><div data-cls=\"sc-nv-light vertical\" class=\"timeline-year scrollable-section ctl-year ctl-year-container light-year\" data-section-title=\"2009\" id=\"year-2009\"><div class=\"ctl-year-label ctl-year-text\"><span>2009<\/span><\/div><\/div><!-- Timeline Content --><div  id=\"ctl-story-918\" class=\"ctl-story ctl-story-dot-icon even ctl-story-left\" data-aos=\"fadeInUp\"   data-story-index=\"16\" role=\"article\"><!-- Story Date --><div class=\"ctl-labels\"><div class=\"ctl-label-big story-date\">2009<\/div><\/div><!-- Story IconDot --><div class=\"ctl-icondot\"><\/div> <!-- Story Arrow --><div class=\"ctl-arrow\"><\/div><!-- Story Content --><div class=\"ctl-content\"><!-- Story Title --><div class=\"ctl-title story-918\" aria-label=\"2\"><a target=\"_self\" title=\"Dra.C. Martha del Carmen Mesa Valenciano\" href=\"https:\/\/blogdelarectora.uo.edu.cu\/?cool_timeline=dra-c-martha-del-carmen-mesa-valenciano\" class=\"story-link\">Dra.C. Martha del Carmen Mesa Valenciano<\/a><\/div><!-- Story Description --><div class=\"ctl-description\"><p><strong><em>(2009\u20132017) Dra.C. Martha del Carmen Mesa Valenciano. En la imagen: Hace uso de la palabra en la graduaci\u00f3n provincial \u201c90 cumplea\u00f1os del Comandante en Jefe Fidel Castro Ruz\u201d, el 12 de julio de 2016.<\/em><\/strong><\/p>\n<p><img loading=\"lazy\" class=\"\" src=\"https:\/\/www.uo.edu.cu\/sites\/default\/files\/pictures\/Rectora%20Martha%20Mesa.JPG\" alt=\"\" width=\"755\" height=\"522\" \/><\/p>\n<\/div><\/div><\/div><!-- Story Year Section --><div data-cls=\"sc-nv-light vertical\" class=\"timeline-year scrollable-section ctl-year ctl-year-container light-year\" data-section-title=\"2017\" id=\"year-2017\"><div class=\"ctl-year-label ctl-year-text\"><span>2017<\/span><\/div><\/div><!-- Timeline Content --><div  id=\"ctl-story-919\" class=\"ctl-story ctl-story-dot-icon odd ctl-story-right\" data-aos=\"fadeInUp\"   data-story-index=\"17\" role=\"article\"><!-- Story Date --><div class=\"ctl-labels\"><div class=\"ctl-label-big story-date\">2017<\/div><\/div><!-- Story IconDot --><div class=\"ctl-icondot\"><\/div> <!-- Story Arrow --><div class=\"ctl-arrow\"><\/div><!-- Story Content --><div class=\"ctl-content\"><!-- Story Title --><div class=\"ctl-title story-919\" aria-label=\"2\"><a target=\"_self\" title=\"Dra.C. Diana Sedal Yanes\" href=\"https:\/\/blogdelarectora.uo.edu.cu\/?cool_timeline=dra-c-diana-sedal-yanes\" class=\"story-link\">Dra.C. Diana Sedal Yanes<\/a><\/div><!-- Story Description --><div class=\"ctl-description\"><p><em><strong>(2017-Actualidad) Dra.C. Diana Sedal Yanes. En la imagen: Hace uso de la palabra en el acto pol\u00edtico-cultural por el 68 aniversario de la Universidad de Oriente, el 10 de octubre del 2015. <\/strong><\/em><\/p>\n<p><img src=\"https:\/\/www.uo.edu.cu\/sites\/default\/files\/pictures\/dianasedalyanes-2.jpg\" alt=\"\" \/><\/p>\n<\/div><\/div><\/div>\t\t\t\t\t<\/div>\n\t\t\t\t\t<div class=\"ctl-end\"><\/div>\n\t\t\t\t\t\t\t\t\t<\/div>\n\t\t\t<\/div>\n\t\t\t\n<p style=\"text-align: justify;\">\n","protected":false},"excerpt":{"rendered":"<div class=\"mh-excerpt\"><p>Desde su surgimiento en 1947, la Universidad de Oriente ha sido dirigida por diversos profesores, cient\u00edficos, investigadores. Cada uno de ellos ha aportado a la <a class=\"mh-excerpt-more\" href=\"https:\/\/blogdelarectora.uo.edu.cu\/?cool_timeline=dra-c-diana-sedal-yanes\" title=\"Dra.C. Diana Sedal Yanes\">[&#8230;]<\/a><\/p>\n<\/div>","protected":false},"author":9,"featured_media":0,"parent":0,"menu_order":0,"comment_status":"open","ping_status":"open","template":"","meta":{"_bbp_topic_count":0,"_bbp_reply_count":0,"_bbp_total_topic_count":0,"_bbp_total_reply_count":0,"_bbp_voice_count":0,"_bbp_anonymous_reply_count":0,"_bbp_topic_count_hidden":0,"_bbp_reply_count_hidden":0,"_bbp_forum_subforum_count":0},"_links":{"self":[{"href":"https:\/\/blogdelarectora.uo.edu.cu\/index.php?rest_route=\/wp\/v2\/pages\/6"}],"collection":[{"href":"https:\/\/blogdelarectora.uo.edu.cu\/index.php?rest_route=\/wp\/v2\/pages"}],"about":[{"href":"https:\/\/blogdelarectora.uo.edu.cu\/index.php?rest_route=\/wp\/v2\/types\/page"}],"author":[{"embeddable":true,"href":"https:\/\/blogdelarectora.uo.edu.cu\/index.php?rest_route=\/wp\/v2\/users\/9"}],"replies":[{"embeddable":true,"href":"https:\/\/blogdelarectora.uo.edu.cu\/index.php?rest_route=%2Fwp%2Fv2%2Fcomments&post=6"}],"version-history":[{"count":32,"href":"https:\/\/blogdelarectora.uo.edu.cu\/index.php?rest_route=\/wp\/v2\/pages\/6\/revisions"}],"predecessor-version":[{"id":920,"href":"https:\/\/blogdelarectora.uo.edu.cu\/index.php?rest_route=\/wp\/v2\/pages\/6\/revisions\/920"}],"wp:attachment":[{"href":"https:\/\/blogdelarectora.uo.edu.cu\/index.php?rest_route=%2Fwp%2Fv2%2Fmedia&parent=6"}],"curies":[{"name":"wp","href":"https:\/\/api.w.org\/{rel}","templated":true}]}}